{"id":6324,"date":"2022-10-26T14:21:18","date_gmt":"2022-10-26T12:21:18","guid":{"rendered":"https:\/\/wienerhomepages-projekte.at\/1\/j-p-management\/?page_id=6324"},"modified":"2026-02-19T13:47:59","modified_gmt":"2026-02-19T12:47:59","slug":"interkulturelle-business-kompetenz","status":"publish","type":"page","link":"https:\/\/wienerhomepages-projekte.at\/1\/j-p-management\/akademie\/trainings\/interkulturelle-business-kompetenz\/","title":{"rendered":"Interkulturelle Business-Kompetenz"},"content":{"rendered":"<p><div class=\"fusion-fullwidth fullwidth-box fusion-builder-row-1 fusion-flex-container nonhundred-percent-fullwidth non-hundred-percent-height-scrolling\" style=\"--awb-border-radius-top-left:0px;--awb-border-radius-top-right:0px;--awb-border-radius-bottom-right:0px;--awb-border-radius-bottom-left:0px;--awb-flex-wrap:wrap;\" ><div class=\"fusion-builder-row fusion-row fusion-flex-align-items-flex-start fusion-flex-content-wrap\" style=\"max-width:1216.8px;margin-left: calc(-4% \/ 2 );margin-right: calc(-4% \/ 2 );\"><div class=\"fusion-layout-column fusion_builder_column fusion-builder-column-0 fusion_builder_column_1_1 1_1 fusion-flex-column\" style=\"--awb-bg-size:cover;--awb-width-large:100%;--awb-margin-top-large:0px;--awb-spacing-right-large:1.92%;--awb-margin-bottom-large:20px;--awb-spacing-left-large:1.92%;--awb-width-medium:100%;--awb-order-medium:0;--awb-spacing-right-medium:1.92%;--awb-spacing-left-medium:1.92%;--awb-width-small:100%;--awb-order-small:0;--awb-spacing-right-small:1.92%;--awb-spacing-left-small:1.92%;\"><div class=\"fusion-column-wrapper fusion-column-has-shadow fusion-flex-justify-content-flex-start fusion-content-layout-column\"><div class=\"fusion-text fusion-text-1\"><h2>Unsere Welt wird immer globalisierter<\/h2>\n<p>Gesch\u00e4ftspartner kommen aus den verschiedensten Teilen der Welt, Niederlassungen und Produktionsst\u00e4tten sind im Ausland und auch die Teams in den Unternehmen sind mehr und mehr multikulturell zusammengesetzt.<\/p>\n<h3>Interkulturelle Kompetenz ist gefragt<\/h3>\n<p>Dies stellt Unternehmen sowie Mitarbeiterinnen und Mitarbeiter vor spezielle Herausforderungen. Nicht nur das fachliche Know-how ist gefragt, sondern auch die interkulturelle Kompetenz. Obwohl diese als eine der Schl\u00fcsselqualifikationen des 21. Jahrhunderts gilt, wird sie vor allem im technischen und produktionsnahen Bereich oft noch untersch\u00e4tzt. Nicht selten scheitern internationale Projekte und Kooperationen sogar an der mangelnden interkulturellen Kompetenz der beteiligten Personen.<\/p>\n<h3>Das volle Potenzial internationaler Zusammenarbeit erfolgreich nutzen<\/h3>\n<p>Interkulturell souver\u00e4n agierende Mitarbeiterinnen und Mitarbeiter k\u00f6nnen die Zusammenarbeit mit Kunden, Lieferanten, Eigent\u00fcmern sowie Kolleginnen und Kollegen aus fremden Kulturkreisen von Anfang an positiv gestalten. Sie kennen die Unterschiede der verschiedenen Kulturen und nutzen dieses Know-how erfolgreich bei ihrer t\u00e4glichen Arbeit.<\/p>\n<\/div><\/div><\/div><\/div><\/div><div class=\"fusion-fullwidth fullwidth-box fusion-builder-row-2 fusion-flex-container nonhundred-percent-fullwidth non-hundred-percent-height-scrolling\" style=\"--awb-border-radius-top-left:0px;--awb-border-radius-top-right:0px;--awb-border-radius-bottom-right:0px;--awb-border-radius-bottom-left:0px;--awb-flex-wrap:wrap;\" ><div class=\"fusion-builder-row fusion-row fusion-flex-align-items-flex-start fusion-flex-content-wrap\" style=\"max-width:1216.8px;margin-left: calc(-4% \/ 2 );margin-right: calc(-4% \/ 2 );\"><div class=\"fusion-layout-column fusion_builder_column fusion-builder-column-1 fusion_builder_column_1_1 1_1 fusion-flex-column\" style=\"--awb-bg-size:cover;--awb-width-large:100%;--awb-margin-top-large:0px;--awb-spacing-right-large:1.92%;--awb-margin-bottom-large:20px;--awb-spacing-left-large:1.92%;--awb-width-medium:100%;--awb-order-medium:0;--awb-spacing-right-medium:1.92%;--awb-spacing-left-medium:1.92%;--awb-width-small:100%;--awb-order-small:0;--awb-spacing-right-small:1.92%;--awb-spacing-left-small:1.92%;\"><div class=\"fusion-column-wrapper fusion-column-has-shadow fusion-flex-justify-content-flex-start fusion-content-layout-column\"><div class=\"fusion-text fusion-text-2\"><h2>\u00dcberpr\u00fcfen Sie Ihr Wissen zum Umgang mit fremden Kulturen<\/h2>\n<\/div><form>\n\n<h3><b><img decoding=\"async\" class=\"lazyload pic alignright\" src=\"data:image\/svg+xml,%3Csvg%20xmlns%3D%27http%3A%2F%2Fwww.w3.org%2F2000%2Fsvg%27%20width%3D%27144%27%20height%3D%27146%27%20viewBox%3D%270%200%20144%20146%27%3E%3Crect%20width%3D%27144%27%20height%3D%27146%27%20fill-opacity%3D%220%22%2F%3E%3C%2Fsvg%3E\" data-orig-src=\"https:\/\/www.step-up.at\/wp-content\/uploads\/images\/piktogramme\/Business_mit_China.jpg\" alt=\"Piktogramm\" width=\"144\" height=\"146\">China<\/b><\/h3>\n\n<b>Sie m\u00fcssen ein kritisches Thema mit Ihren chinesischen Projektpartnern besprechen. Wie machen Sie das am besten?<\/b>\n<br \/>\n<input type=\"radio\" id=\"chinaa\" name=\"china\"><label for=\"chinaa\">Sie nutzen eine informelle Gelegenheit, bei der Sie Ihr direktes Gegen\u00fcber unter 4 Augen darauf ansprechen.<\/label><br \/>\n<input type=\"radio\" id=\"chinab\" name=\"china\"><label for=\"chinab\">Sie setzen den Punkt auf die Agenda des n\u00e4chsten Meetings. Diese versenden Sie rechtzeitig im Vorhinein, sodass das Thema intern hierarchisch vorbesprochen werden kann.<\/label><br \/>\n<input type=\"radio\" id=\"chinac\" name=\"china\"><label for=\"chinac\">Sie sprechen es als ersten Punkt im n\u00e4chsten Meeting an.<\/label><br \/><br \/>\n\n<b>Bei einer Produktschulung stellen die chinesischen Kollegen keine Fragen, obwohl Sie das Gef\u00fchl haben, diese kennen sich noch nicht gut aus. Woran liegt das?<\/b>\n<br \/>\n<input type=\"radio\" id=\"chinaa2\" name=\"china2\"><label for=\"chinaa2\">Die meisten Chinesen sprechen nicht gut Englisch. Sie trauen sich daher nicht zu fragen, um aufgrund ihrer schlechten Sprachkenntnisse nicht das Gesicht zu verlieren.<\/label><br \/>\n<input type=\"radio\" id=\"chinab2\" name=\"china2\"><label for=\"chinab2\">Sie fragen lieber sp\u00e4ter ihre chinesischen Kollegen, um sich vor den \u00d6sterreichern keine Bl\u00f6\u00dfe zu geben und als inkompetent wahrgenommen zu werden.<\/label><br \/>\n<input type=\"radio\" id=\"chinac2\" name=\"china2\"><label for=\"chinac2\">Es ist unh\u00f6flich zu fragen, dadurch w\u00fcrde der Trainer das Gesicht verlieren.<\/label><br \/><br \/>\n\n<div><a class=\"fusion-button button-flat fusion-button-default-size button-default button-1 fusion-button-default-span fusion-button-default-type\" style=\"width:500px;\" href='https:\/\/www.step-up.at\/step-up-akademie\/training-interkulturelle-zusammenarbeit-mit-china-erfolgreich-gestalten\/'>Hier finden Sie die richtigen Antworten.<\/a><\/div>\n\n<h3><b><img decoding=\"async\" class=\"lazyload pic alignright wp-image-30323 size-fusion-200\" src=\"data:image\/svg+xml,%3Csvg%20xmlns%3D%27http%3A%2F%2Fwww.w3.org%2F2000%2Fsvg%27%20width%3D%27200%27%20height%3D%27189%27%20viewBox%3D%270%200%20200%20189%27%3E%3Crect%20width%3D%27200%27%20height%3D%27189%27%20fill-opacity%3D%220%22%2F%3E%3C%2Fsvg%3E\" data-orig-src=\"https:\/\/www.step-up.at\/wp-content\/uploads\/images\/piktogramme\/freiheitsstatue2-200x189.jpg\" alt=\"\" width=\"200\" height=\"189\">USA<\/b><\/h3>\n\n<b>Sie pr\u00e4sentieren Ihrem amerikanischen Gesch\u00e4ftspartner eine neue Gesch\u00e4ftsidee. Er meint dazu: \u201eThat\u2018s an interesting idea. I was just wondering how you are going to handle XY...\u201c Was meint er damit genau?<\/b>\n<br \/>\n<input type=\"radio\" id=\"usaa\" name=\"usa\"><label for=\"usaa\">Die Gesch\u00e4ftsidee ist v\u00f6lliger Nonsens. Vor allem der Punkt XY ist komplett inakzeptabel.<\/label><br \/>\n<input type=\"radio\" id=\"usab\" name=\"usa\"><label for=\"usab\">Den Punkt XY sollten Sie noch \u00fcberarbeiten, ansonsten findet er die Idee interessant.<\/label><br \/>\n<input type=\"radio\" id=\"usac\" name=\"usa\"><label for=\"usac\">Er findet die Idee interessant, will aber n\u00e4her erkl\u00e4rt haben, wie Sie das Thema XY behandeln werden.<\/label><br \/><br \/>\n\n<b>Ihre amerikanischen Gesch\u00e4ftspartner laden Sie und Ihr Team zum Essen ein. Sofort, nachdem alle mit dem Essen fertig sind, verlangt der Gastgeber die Rechnung und Sie verlassen gemeinsam das Lokal.<\/b>\n<br \/>\n<input type=\"radio\" id=\"usaa2\" name=\"usa2\"><label for=\"usaa2\">Obwohl Sie dachten, die Stimmung sei gut, d\u00fcrfte doch etwas nicht gepasst haben. Daher versuchten die amerikanischen Gesch\u00e4ftspartner, den Abend so rasch wie m\u00f6glich zu beenden.<\/label><br \/>\n<input type=\"radio\" id=\"usab2\" name=\"usa2\"><label for=\"usab2\">Es ist in Amerika nicht \u00fcblich, nach dem Essen noch gem\u00fctlich im Restaurant sitzen zu bleiben.<\/label><br \/>\n<input type=\"radio\" id=\"usac2\" name=\"usa2\"><label for=\"usac2\">Amerikaner arbeiten sehr viel. Daher wollen sie ihre gesch\u00e4ftlichen Abendtermine m\u00f6glichst kurz halten.<\/label><br \/><br \/>\n\n<div><a class=\"fusion-button button-flat fusion-button-default-size button-default button-1 fusion-button-default-span fusion-button-default-type\" style=\"width:500px;\" href='https:\/\/www.step-up.at\/step-up-akademie\/training-interkulturelle-zusammenarbeit-mit-usa-erfolgreich-gestalten\/'>Hier finden Sie die richtigen Antworten.<\/a><\/div>\n\n\n<h3><b><img decoding=\"async\" class=\"lazyload pic wp-image-30324 size-fusion-200 alignright\" src=\"data:image\/svg+xml,%3Csvg%20xmlns%3D%27http%3A%2F%2Fwww.w3.org%2F2000%2Fsvg%27%20width%3D%27200%27%20height%3D%27147%27%20viewBox%3D%270%200%20200%20147%27%3E%3Crect%20width%3D%27200%27%20height%3D%27147%27%20fill-opacity%3D%220%22%2F%3E%3C%2Fsvg%3E\" data-orig-src=\"https:\/\/www.step-up.at\/wp-content\/uploads\/images\/piktogramme\/taj_mahal2-200x147.jpg\" alt=\"\" width=\"200\" height=\"147\">Indien<\/b><\/h3>\n\n<b>Ihr indischer Lieferant antwortet auf Ihre Frage, ob er die Lieferfrist einhalten kann: \u201eNo problem.\u201c Was bedeutet das?<\/b>\n<br \/>\n<input type=\"radio\" id=\"indiena\" name=\"indien\"><label for=\"indiena\">Das Einhalten der Lieferfrist bedeutet kein Problem f\u00fcr Ihren Lieferanten.<\/label><br \/>\n<input type=\"radio\" id=\"indienb\" name=\"indien\"><label for=\"indienb\">\u201eNo problem\u201c ist eine Null-Aussage. Es kann bedeuten, dass Ihr Gesch\u00e4ftspartner keine Ahnung hat, oder auch, dass er jetzt schon wei\u00df, dass es sich nicht ausgehen wird.<\/label><br \/>\n<input type=\"radio\" id=\"indienc\" name=\"indien\"><label for=\"indienc\">Das Einhalten von Terminen ist in Indien Ehrensache. Mit Ihrer Frage haben Sie Ihren Gesch\u00e4ftspartner beleidigt.<\/label><br \/><br \/>\n\n<b>Die \u00dcbertragung von mehr Verantwortung und eigenst\u00e4ndigen Aufgabenbereichen ist f\u00fcr indische Mitarbeiter<\/b>\n<br \/>\n<input type=\"radio\" id=\"indiena2\" name=\"indien2\"><label for=\"indiena2\">ein Zeichen von gro\u00dfer Wertsch\u00e4tzung. Sie werden alles in ihrer Macht Stehende tun, um den Anforderungen gerecht zu werden.<\/label><br \/>\n<input type=\"radio\" id=\"indienb2\" name=\"indien2\"><label for=\"indienb2\">etwas, womit sie nicht gut umgehen k\u00f6nnen. Verantwortung zu tragen oder Entscheidungen zu treffen, sind Aufgaben von F\u00fchrungskr\u00e4ften.<\/label><br \/>\n<input type=\"radio\" id=\"indienc2\" name=\"indien2\"><label for=\"indienc2\">gleichbedeutend mit h\u00f6herem Status, was in Indien sehr wichtig ist. Es kommt daher quasi einer Bef\u00f6rderung gleich.<\/label><br \/><br \/>\n\n<div><a class=\"fusion-button button-flat fusion-button-default-size button-default button-1 fusion-button-default-span fusion-button-default-type\" style=\"width:500px;\" href='https:\/\/www.step-up.at\/step-up-akademie\/training-interkulturelle-zusammenarbeit-mit-indien-erfolgreich-gestalten\/'>Hier finden Sie die richtige Antworten.<\/a><\/div>\n\n<h3><b><img decoding=\"async\" class=\"lazyload pic alignright wp-image-30311\" src=\"data:image\/svg+xml,%3Csvg%20xmlns%3D%27http%3A%2F%2Fwww.w3.org%2F2000%2Fsvg%27%20width%3D%27100%27%20height%3D%27167%27%20viewBox%3D%270%200%20100%20167%27%3E%3Crect%20width%3D%27100%27%20height%3D%27167%27%20fill-opacity%3D%220%22%2F%3E%3C%2Fsvg%3E\" data-orig-src=\"https:\/\/www.step-up.at\/wp-content\/uploads\/images\/piktogramme\/suedkorea.jpg\" alt=\"\" width=\"100\" height=\"167\">S\u00fcdkorea<\/b><\/h3>\n\n<b>Unp\u00fcnktlichkeit bei einem Gesch\u00e4ftstermin bedeutet:<\/b>\n<br \/>\n<input type=\"radio\" id=\"koreaa\" name=\"korea\"><label for=\"koreaa\">Da in Korea Hierarchie und Status wichtig sind, signalisiert man dadurch seinen hierarchisch hohen Status.<\/label><br \/>\n<input type=\"radio\" id=\"koreab\" name=\"korea\"><label for=\"koreab\">Es zeigt geringen Respekt und wenig Interesse am Gegen\u00fcber.<\/label><br \/>\n<input type=\"radio\" id=\"koreac\" name=\"korea\"><label for=\"koreac\">Es ist h\u00f6flich. Koreaner sind - vor allem in den gro\u00dfen St\u00e4dten - immer im Stress und man m\u00f6chte sein Gegen\u00fcber h\u00f6flicherweise nicht in Zeitnot bringen.<\/label><br \/><br \/>\n\n<b>Was bedeutet es, wenn Ihr koreanischer Gesch\u00e4ftspartner auf Ihre E-Mail-Anfrage eine Woche lang nicht antwortet?<\/b>\n<br \/>\n<input type=\"radio\" id=\"koreaa2\" name=\"korea2\"><label for=\"koreaa2\">Antworten dauern in Korea oft sehr lange. Hier sollte man urgieren, wenn n\u00f6tig auch mehrfach und telefonisch.<\/label><br \/>\n<input type=\"radio\" id=\"koreab2\" name=\"korea2\"><label for=\"koreab2\">Damit will er Ihnen h\u00f6flich eine Absage erteilen.<\/label><br \/>\n<input type=\"radio\" id=\"koreac2\" name=\"korea2\"><label for=\"koreac2\">Er signalisiert Ihnen damit, dass er einen pers\u00f6nlichen Benefit erwartet. Abh\u00e4ngig von der Anfrage kann es ein Geldkuvert, eine Essenseinladung oder ein teureres Geschenk sein.<\/label><br \/><br \/>\n\n<div><a class=\"fusion-button button-flat fusion-button-default-size button-default button-1 fusion-button-default-span fusion-button-default-type\" style=\"width:500px;\" href='https:\/\/www.step-up.at\/step-up-akademie\/training-interkulturelle-zusammenarbeit-mit-suedkorea-erfolgreich-gestalten\/'>Hier finden Sie die richtige Antworten.<\/a><\/div>\n\n<\/form>\n<\/div><\/div><\/div><\/div><\/p>\n","protected":false},"excerpt":{"rendered":"","protected":false},"author":2,"featured_media":0,"parent":5121,"menu_order":0,"comment_status":"closed","ping_status":"closed","template":"","meta":{"footnotes":""},"class_list":["post-6324","page","type-page","status-publish","hentry"],"yoast_head":"<!-- This site is optimized with the Yoast SEO plugin v27.2 - https:\/\/yoast.com\/product\/yoast-seo-wordpress\/ -->\n<title>Interkulturelle Business-Kompetenz - j-p-management<\/title>\n<meta name=\"description\" content=\"Interkulturelle Business-Kompetenz - Gesch\u00e4ftspartner kommen aus den verschiedensten Teilen der Welt, Niederlassungen und Produktionsst\u00e4tten sind im Ausland und auch die Teams in den Unternehmen sind mehr und mehr multikulturell zusammengesetzt. Interkulturelle Kompetenz ist gefragt! Dies stellt Unternehmen sowie Mitarbeiterinnen und Mitarbeiter vor spezielle Herausforderungen. Nicht nur das fachliche Know-how ist gefragt, sondern auch die interkulturelle Kompetenz. Obwohl diese als eine der Schl\u00fcsselqualifikationen des 21. Jahrhunderts gilt, wird sie vor allem im technischen und produktionsnahen Bereich oft noch untersch\u00e4tzt. Nicht selten scheitern internationale Projekte und Kooperationen sogar an der mangelnden interkulturellen Kompetenz der beteiligten Personen.\" \/>\n<meta name=\"robots\" content=\"noindex, follow, max-snippet:-1, max-image-preview:large, max-video-preview:-1\" \/>\n<meta property=\"og:locale\" content=\"de_DE\" \/>\n<meta property=\"og:type\" content=\"article\" \/>\n<meta property=\"og:title\" content=\"Interkulturelle Business-Kompetenz - j-p-management\" \/>\n<meta property=\"og:description\" content=\"Interkulturelle Business-Kompetenz - Gesch\u00e4ftspartner kommen aus den verschiedensten Teilen der Welt, Niederlassungen und Produktionsst\u00e4tten sind im Ausland und auch die Teams in den Unternehmen sind mehr und mehr multikulturell zusammengesetzt. Interkulturelle Kompetenz ist gefragt! Dies stellt Unternehmen sowie Mitarbeiterinnen und Mitarbeiter vor spezielle Herausforderungen. Nicht nur das fachliche Know-how ist gefragt, sondern auch die interkulturelle Kompetenz. Obwohl diese als eine der Schl\u00fcsselqualifikationen des 21. Jahrhunderts gilt, wird sie vor allem im technischen und produktionsnahen Bereich oft noch untersch\u00e4tzt. Nicht selten scheitern internationale Projekte und Kooperationen sogar an der mangelnden interkulturellen Kompetenz der beteiligten Personen.\" \/>\n<meta property=\"og:url\" content=\"https:\/\/wienerhomepages-projekte.at\/1\/j-p-management\/akademie\/trainings\/interkulturelle-business-kompetenz\/\" \/>\n<meta property=\"og:site_name\" content=\"j-p-management\" \/>\n<meta property=\"article:modified_time\" content=\"2026-02-19T12:47:59+00:00\" \/>\n<meta name=\"twitter:card\" content=\"summary_large_image\" \/>\n<meta name=\"twitter:label1\" content=\"Gesch\u00e4tzte Lesezeit\" \/>\n\t<meta name=\"twitter:data1\" content=\"5\u00a0Minuten\" \/>\n<script type=\"application\/ld+json\" class=\"yoast-schema-graph\">{\"@context\":\"https:\/\/schema.org\",\"@graph\":[{\"@type\":\"WebPage\",\"@id\":\"https:\/\/wienerhomepages-projekte.at\/1\/j-p-management\/akademie\/trainings\/interkulturelle-business-kompetenz\/\",\"url\":\"https:\/\/wienerhomepages-projekte.at\/1\/j-p-management\/akademie\/trainings\/interkulturelle-business-kompetenz\/\",\"name\":\"Interkulturelle Business-Kompetenz - j-p-management\",\"isPartOf\":{\"@id\":\"https:\/\/wienerhomepages-projekte.at\/1\/j-p-management\/#website\"},\"datePublished\":\"2022-10-26T12:21:18+00:00\",\"dateModified\":\"2026-02-19T12:47:59+00:00\",\"description\":\"Interkulturelle Business-Kompetenz - Gesch\u00e4ftspartner kommen aus den verschiedensten Teilen der Welt, Niederlassungen und Produktionsst\u00e4tten sind im Ausland und auch die Teams in den Unternehmen sind mehr und mehr multikulturell zusammengesetzt. Interkulturelle Kompetenz ist gefragt! Dies stellt Unternehmen sowie Mitarbeiterinnen und Mitarbeiter vor spezielle Herausforderungen. Nicht nur das fachliche Know-how ist gefragt, sondern auch die interkulturelle Kompetenz. Obwohl diese als eine der Schl\u00fcsselqualifikationen des 21. Jahrhunderts gilt, wird sie vor allem im technischen und produktionsnahen Bereich oft noch untersch\u00e4tzt. Nicht selten scheitern internationale Projekte und Kooperationen sogar an der mangelnden interkulturellen Kompetenz der beteiligten Personen.\",\"breadcrumb\":{\"@id\":\"https:\/\/wienerhomepages-projekte.at\/1\/j-p-management\/akademie\/trainings\/interkulturelle-business-kompetenz\/#breadcrumb\"},\"inLanguage\":\"de\",\"potentialAction\":[{\"@type\":\"ReadAction\",\"target\":[\"https:\/\/wienerhomepages-projekte.at\/1\/j-p-management\/akademie\/trainings\/interkulturelle-business-kompetenz\/\"]}]},{\"@type\":\"BreadcrumbList\",\"@id\":\"https:\/\/wienerhomepages-projekte.at\/1\/j-p-management\/akademie\/trainings\/interkulturelle-business-kompetenz\/#breadcrumb\",\"itemListElement\":[{\"@type\":\"ListItem\",\"position\":1,\"name\":\"Startseite\",\"item\":\"https:\/\/wienerhomepages-projekte.at\/1\/j-p-management\/\"},{\"@type\":\"ListItem\",\"position\":2,\"name\":\"Akademie\",\"item\":\"https:\/\/wienerhomepages-projekte.at\/1\/j-p-management\/akademie\/\"},{\"@type\":\"ListItem\",\"position\":3,\"name\":\"Trainings &#038; Lehrg\u00e4nge\",\"item\":\"https:\/\/wienerhomepages-projekte.at\/1\/j-p-management\/akademie\/trainings\/\"},{\"@type\":\"ListItem\",\"position\":4,\"name\":\"Interkulturelle Business-Kompetenz\"}]},{\"@type\":\"WebSite\",\"@id\":\"https:\/\/wienerhomepages-projekte.at\/1\/j-p-management\/#website\",\"url\":\"https:\/\/wienerhomepages-projekte.at\/1\/j-p-management\/\",\"name\":\"j-p-management\",\"description\":\"\",\"potentialAction\":[{\"@type\":\"SearchAction\",\"target\":{\"@type\":\"EntryPoint\",\"urlTemplate\":\"https:\/\/wienerhomepages-projekte.at\/1\/j-p-management\/?s={search_term_string}\"},\"query-input\":{\"@type\":\"PropertyValueSpecification\",\"valueRequired\":true,\"valueName\":\"search_term_string\"}}],\"inLanguage\":\"de\"}]}<\/script>\n<!-- \/ Yoast SEO plugin. -->","yoast_head_json":{"title":"Interkulturelle Business-Kompetenz - j-p-management","description":"Interkulturelle Business-Kompetenz - Gesch\u00e4ftspartner kommen aus den verschiedensten Teilen der Welt, Niederlassungen und Produktionsst\u00e4tten sind im Ausland und auch die Teams in den Unternehmen sind mehr und mehr multikulturell zusammengesetzt. Interkulturelle Kompetenz ist gefragt! Dies stellt Unternehmen sowie Mitarbeiterinnen und Mitarbeiter vor spezielle Herausforderungen. Nicht nur das fachliche Know-how ist gefragt, sondern auch die interkulturelle Kompetenz. Obwohl diese als eine der Schl\u00fcsselqualifikationen des 21. Jahrhunderts gilt, wird sie vor allem im technischen und produktionsnahen Bereich oft noch untersch\u00e4tzt. Nicht selten scheitern internationale Projekte und Kooperationen sogar an der mangelnden interkulturellen Kompetenz der beteiligten Personen.","robots":{"index":"noindex","follow":"follow","max-snippet":"max-snippet:-1","max-image-preview":"max-image-preview:large","max-video-preview":"max-video-preview:-1"},"og_locale":"de_DE","og_type":"article","og_title":"Interkulturelle Business-Kompetenz - j-p-management","og_description":"Interkulturelle Business-Kompetenz - Gesch\u00e4ftspartner kommen aus den verschiedensten Teilen der Welt, Niederlassungen und Produktionsst\u00e4tten sind im Ausland und auch die Teams in den Unternehmen sind mehr und mehr multikulturell zusammengesetzt. Interkulturelle Kompetenz ist gefragt! Dies stellt Unternehmen sowie Mitarbeiterinnen und Mitarbeiter vor spezielle Herausforderungen. Nicht nur das fachliche Know-how ist gefragt, sondern auch die interkulturelle Kompetenz. Obwohl diese als eine der Schl\u00fcsselqualifikationen des 21. Jahrhunderts gilt, wird sie vor allem im technischen und produktionsnahen Bereich oft noch untersch\u00e4tzt. Nicht selten scheitern internationale Projekte und Kooperationen sogar an der mangelnden interkulturellen Kompetenz der beteiligten Personen.","og_url":"https:\/\/wienerhomepages-projekte.at\/1\/j-p-management\/akademie\/trainings\/interkulturelle-business-kompetenz\/","og_site_name":"j-p-management","article_modified_time":"2026-02-19T12:47:59+00:00","twitter_card":"summary_large_image","twitter_misc":{"Gesch\u00e4tzte Lesezeit":"5\u00a0Minuten"},"schema":{"@context":"https:\/\/schema.org","@graph":[{"@type":"WebPage","@id":"https:\/\/wienerhomepages-projekte.at\/1\/j-p-management\/akademie\/trainings\/interkulturelle-business-kompetenz\/","url":"https:\/\/wienerhomepages-projekte.at\/1\/j-p-management\/akademie\/trainings\/interkulturelle-business-kompetenz\/","name":"Interkulturelle Business-Kompetenz - j-p-management","isPartOf":{"@id":"https:\/\/wienerhomepages-projekte.at\/1\/j-p-management\/#website"},"datePublished":"2022-10-26T12:21:18+00:00","dateModified":"2026-02-19T12:47:59+00:00","description":"Interkulturelle Business-Kompetenz - Gesch\u00e4ftspartner kommen aus den verschiedensten Teilen der Welt, Niederlassungen und Produktionsst\u00e4tten sind im Ausland und auch die Teams in den Unternehmen sind mehr und mehr multikulturell zusammengesetzt. Interkulturelle Kompetenz ist gefragt! Dies stellt Unternehmen sowie Mitarbeiterinnen und Mitarbeiter vor spezielle Herausforderungen. Nicht nur das fachliche Know-how ist gefragt, sondern auch die interkulturelle Kompetenz. Obwohl diese als eine der Schl\u00fcsselqualifikationen des 21. Jahrhunderts gilt, wird sie vor allem im technischen und produktionsnahen Bereich oft noch untersch\u00e4tzt. Nicht selten scheitern internationale Projekte und Kooperationen sogar an der mangelnden interkulturellen Kompetenz der beteiligten Personen.","breadcrumb":{"@id":"https:\/\/wienerhomepages-projekte.at\/1\/j-p-management\/akademie\/trainings\/interkulturelle-business-kompetenz\/#breadcrumb"},"inLanguage":"de","potentialAction":[{"@type":"ReadAction","target":["https:\/\/wienerhomepages-projekte.at\/1\/j-p-management\/akademie\/trainings\/interkulturelle-business-kompetenz\/"]}]},{"@type":"BreadcrumbList","@id":"https:\/\/wienerhomepages-projekte.at\/1\/j-p-management\/akademie\/trainings\/interkulturelle-business-kompetenz\/#breadcrumb","itemListElement":[{"@type":"ListItem","position":1,"name":"Startseite","item":"https:\/\/wienerhomepages-projekte.at\/1\/j-p-management\/"},{"@type":"ListItem","position":2,"name":"Akademie","item":"https:\/\/wienerhomepages-projekte.at\/1\/j-p-management\/akademie\/"},{"@type":"ListItem","position":3,"name":"Trainings &#038; Lehrg\u00e4nge","item":"https:\/\/wienerhomepages-projekte.at\/1\/j-p-management\/akademie\/trainings\/"},{"@type":"ListItem","position":4,"name":"Interkulturelle Business-Kompetenz"}]},{"@type":"WebSite","@id":"https:\/\/wienerhomepages-projekte.at\/1\/j-p-management\/#website","url":"https:\/\/wienerhomepages-projekte.at\/1\/j-p-management\/","name":"j-p-management","description":"","potentialAction":[{"@type":"SearchAction","target":{"@type":"EntryPoint","urlTemplate":"https:\/\/wienerhomepages-projekte.at\/1\/j-p-management\/?s={search_term_string}"},"query-input":{"@type":"PropertyValueSpecification","valueRequired":true,"valueName":"search_term_string"}}],"inLanguage":"de"}]}},"_links":{"self":[{"href":"https:\/\/wienerhomepages-projekte.at\/1\/j-p-management\/wp-json\/wp\/v2\/pages\/6324","targetHints":{"allow":["GET"]}}],"collection":[{"href":"https:\/\/wienerhomepages-projekte.at\/1\/j-p-management\/wp-json\/wp\/v2\/pages"}],"about":[{"href":"https:\/\/wienerhomepages-projekte.at\/1\/j-p-management\/wp-json\/wp\/v2\/types\/page"}],"author":[{"embeddable":true,"href":"https:\/\/wienerhomepages-projekte.at\/1\/j-p-management\/wp-json\/wp\/v2\/users\/2"}],"replies":[{"embeddable":true,"href":"https:\/\/wienerhomepages-projekte.at\/1\/j-p-management\/wp-json\/wp\/v2\/comments?post=6324"}],"version-history":[{"count":6,"href":"https:\/\/wienerhomepages-projekte.at\/1\/j-p-management\/wp-json\/wp\/v2\/pages\/6324\/revisions"}],"predecessor-version":[{"id":8895,"href":"https:\/\/wienerhomepages-projekte.at\/1\/j-p-management\/wp-json\/wp\/v2\/pages\/6324\/revisions\/8895"}],"up":[{"embeddable":true,"href":"https:\/\/wienerhomepages-projekte.at\/1\/j-p-management\/wp-json\/wp\/v2\/pages\/5121"}],"wp:attachment":[{"href":"https:\/\/wienerhomepages-projekte.at\/1\/j-p-management\/wp-json\/wp\/v2\/media?parent=6324"}],"curies":[{"name":"wp","href":"https:\/\/api.w.org\/{rel}","templated":true}]}}